{"id":26281,"date":"2022-12-14T14:21:50","date_gmt":"2022-12-14T13:21:50","guid":{"rendered":"https:\/\/www.ahs-zirkusgasse.at\/?page_id=26281"},"modified":"2026-01-15T08:36:14","modified_gmt":"2026-01-15T07:36:14","slug":"anmeldung","status":"publish","type":"page","link":"https:\/\/www.ahs-zirkusgasse.at\/index.php\/anmeldung\/","title":{"rendered":"Anmeldung"},"content":{"rendered":"<p>[et_pb_section fb_built=&#8220;1&#8243; fullwidth=&#8220;on&#8220; _builder_version=&#8220;4.19.3&#8243; _module_preset=&#8220;default&#8220; background_image=&#8220;https:\/\/www.ahs-zirkusgasse.at\/wp-content\/uploads\/2022\/09\/download1.jpg&#8220; da_disable_devices=&#8220;off|off|off&#8220; locked=&#8220;off&#8220; global_colors_info=&#8220;{}&#8220; da_is_popup=&#8220;off&#8220; da_exit_intent=&#8220;off&#8220; da_has_close=&#8220;on&#8220; da_alt_close=&#8220;off&#8220; da_dark_close=&#8220;off&#8220; da_not_modal=&#8220;on&#8220; da_is_singular=&#8220;off&#8220; da_with_loader=&#8220;off&#8220; da_has_shadow=&#8220;on&#8220;][et_pb_fullwidth_header title=&#8220;Anmeldung am GRG II Zirkusgasse&#8220; _builder_version=&#8220;4.17.4&#8243; _module_preset=&#8220;default&#8220; background_color=&#8220;rgba(12,113,195,0.7)&#8220; global_colors_info=&#8220;{}&#8220;]<\/p>\n<p>Hier sind Sie gut aufgehoben&#8230;<\/p>\n<p>&nbsp;<\/p>\n<p>[\/et_pb_fullwidth_header][\/et_pb_section][et_pb_section fb_built=&#8220;1&#8243; _builder_version=&#8220;4.17.4&#8243; _module_preset=&#8220;default&#8220; da_disable_devices=&#8220;off|off|off&#8220; global_colors_info=&#8220;{}&#8220; da_is_popup=&#8220;off&#8220; da_exit_intent=&#8220;off&#8220; da_has_close=&#8220;on&#8220; da_alt_close=&#8220;off&#8220; da_dark_close=&#8220;off&#8220; da_not_modal=&#8220;on&#8220; da_is_singular=&#8220;off&#8220; da_with_loader=&#8220;off&#8220; da_has_shadow=&#8220;on&#8220;][et_pb_row _builder_version=&#8220;4.17.4&#8243; _module_preset=&#8220;default&#8220; animation_style=&#8220;fade&#8220; locked=&#8220;off&#8220; global_colors_info=&#8220;{}&#8220;][et_pb_column type=&#8220;4_4&#8243; _builder_version=&#8220;4.17.4&#8243; _module_preset=&#8220;default&#8220; global_colors_info=&#8220;{}&#8220;][dsm_text_divider header=&#8220;Relevante Formulare und Informationen zur Anmeldung&#8220; color=&#8220;#0C71C3&#8243; _builder_version=&#8220;4.19.3&#8243; _module_preset=&#8220;default&#8220; global_colors_info=&#8220;{}&#8220;][\/dsm_text_divider][\/et_pb_column][\/et_pb_row][et_pb_row column_structure=&#8220;1_2,1_2&#8243; _builder_version=&#8220;4.17.4&#8243; _module_preset=&#8220;default&#8220; locked=&#8220;off&#8220; global_colors_info=&#8220;{}&#8220;][et_pb_column type=&#8220;1_2&#8243; _builder_version=&#8220;4.17.4&#8243; _module_preset=&#8220;default&#8220; global_colors_info=&#8220;{}&#8220;][et_pb_text _builder_version=&#8220;4.19.3&#8243; _module_preset=&#8220;default&#8220; locked=&#8220;off&#8220; global_colors_info=&#8220;{}&#8220;]<\/p>\n<p>Anbei finden Sie alle wichtigen Formulare und Informationen rund um die Anmeldung und die Aufnahme am GRG II Zirkusgasse. Wir freuen uns, dass Sie sich f\u00fcr uns entschieden haben!<\/p>\n<p>[\/et_pb_text][\/et_pb_column][et_pb_column type=&#8220;1_2&#8243; _builder_version=&#8220;4.17.4&#8243; _module_preset=&#8220;default&#8220; global_colors_info=&#8220;{}&#8220;][et_pb_blurb title=&#8220;Info Elternbrief mit Terminplan&#8220; url=&#8220;https:\/\/www.ahs-zirkusgasse.at\/wp-content\/uploads\/2025\/11\/Aufnahmetermine-Homepage-2026_27.pdf&#8220; url_new_window=&#8220;on&#8220; use_icon=&#8220;on&#8220; font_icon=&#8220;&#xe106;||divi||400&#8243; icon_color=&#8220;#0C71C3&#8243; icon_placement=&#8220;left&#8220; _builder_version=&#8220;4.27.4&#8243; _module_preset=&#8220;default&#8220; custom_padding=&#8220;30px|30px|30px|30px|true|true&#8220; link_option_url=&#8220;https:\/\/www.ahs-zirkusgasse.at\/wp-content\/uploads\/2025\/11\/Aufnahmetermine-Homepage-2026_27.pdf&#8220; link_option_url_new_window=&#8220;on&#8220; box_shadow_style=&#8220;preset2&#8243; box_shadow_horizontal=&#8220;0px&#8220; box_shadow_vertical=&#8220;0px&#8220; box_shadow_blur=&#8220;60px&#8220; box_shadow_color=&#8220;rgba(0,0,0,0.2)&#8220; global_colors_info=&#8220;{}&#8220;][\/et_pb_blurb][et_pb_blurb title=&#8220;Anmeldeschein 2026\/27&#8243; url=&#8220;https:\/\/www.ahs-zirkusgasse.at\/wp-content\/uploads\/2025\/11\/Anmeldeschein-26_27.pdf&#8220; url_new_window=&#8220;on&#8220; use_icon=&#8220;on&#8220; font_icon=&#8220;&#xf298;||fa||400&#8243; icon_color=&#8220;#0C71C3&#8243; icon_placement=&#8220;left&#8220; _builder_version=&#8220;4.27.4&#8243; _module_preset=&#8220;default&#8220; custom_padding=&#8220;30px|30px|30px|30px|true|true&#8220; link_option_url=&#8220;https:\/\/www.ahs-zirkusgasse.at\/wp-content\/uploads\/2025\/11\/Anmeldeschein-26_27.pdf&#8220; link_option_url_new_window=&#8220;on&#8220; box_shadow_style=&#8220;preset2&#8243; box_shadow_horizontal=&#8220;0px&#8220; box_shadow_vertical=&#8220;0px&#8220; box_shadow_blur=&#8220;60px&#8220; box_shadow_color=&#8220;rgba(0,0,0,0.2)&#8220; global_colors_info=&#8220;{}&#8220;][\/et_pb_blurb][\/et_pb_column][\/et_pb_row][et_pb_row _builder_version=&#8220;4.17.4&#8243; _module_preset=&#8220;default&#8220; animation_style=&#8220;fade&#8220; locked=&#8220;off&#8220; global_colors_info=&#8220;{}&#8220;][et_pb_column type=&#8220;4_4&#8243; _builder_version=&#8220;4.17.4&#8243; _module_preset=&#8220;default&#8220; global_colors_info=&#8220;{}&#8220;][dsm_text_divider header=&#8220;J\u00e4nner 2026&#8243; color=&#8220;#0C71C3&#8243; _builder_version=&#8220;4.27.4&#8243; _module_preset=&#8220;default&#8220; global_colors_info=&#8220;{}&#8220;][\/dsm_text_divider][\/et_pb_column][\/et_pb_row][et_pb_row _builder_version=&#8220;4.17.4&#8243; _module_preset=&#8220;default&#8220; global_colors_info=&#8220;{}&#8220;][et_pb_column type=&#8220;4_4&#8243; _builder_version=&#8220;4.17.4&#8243; _module_preset=&#8220;default&#8220; global_colors_info=&#8220;{}&#8220;][dsm_content_timeline dsm_responsive_style=&#8220;left&#8220; dsm_card_arrow=&#8220;on&#8220; dsm_tree_animation=&#8220;on&#8220; dsm_pointer_bg_color=&#8220;#bfc0c1&#8243; dsm_pointer_active_bg_color=&#8220;#0C71C3&#8243; dsm_pointer_icon_color=&#8220;#0C71C3&#8243; dsm_pointer_active_icon_color=&#8220;#FFFFFF&#8220; dsm_tree_bg_color=&#8220;#d3d3d3&#8243; dsm_tree_active_bg_color=&#8220;#0C71C3&#8243; _builder_version=&#8220;4.27.4&#8243; _module_preset=&#8220;default&#8220; box_shadow_style_card_shadow=&#8220;preset3&#8243; locked=&#8220;off&#8220; global_colors_info=&#8220;{}&#8220;][dsm_content_timeline_child dsm_use_icon=&#8220;on&#8220; font_icon=&#8220;&#x69;||divi||400&#8243; dsm_title=&#8220;Verteilung der Erhebungsbl\u00e4tter&#8220; dsm_content=&#8220;<\/p>\n<p>bis Mittwoch, 07. J\u00e4n. 2026<\/p>\n<div class=%22page%22 title=%22Page 1%22>\n<div class=%22layoutArea%22>\n<div class=%22column%22>\n<p><span>Verteilung der ERHEBUNGSBLA\u0308TTER und der Informationsschreiben in den Volksschulen<\/span><\/p>\n<\/div>\n<\/div>\n<\/div>\n<p>&#8220; dsm_use_pointer_element=&#8220;on&#8220; dsm_point_font_icon=&#8220;&#x5a;||divi||400&#8243; button_url_new_window=&#8220;on&#8220; _builder_version=&#8220;4.27.4&#8243; _module_preset=&#8220;default&#8220; background_enable_color=&#8220;off&#8220; custom_button=&#8220;on&#8220; button_text_color=&#8220;#0C71C3&#8243; button_border_radius=&#8220;100px&#8220; button_icon=&#8220;&#x3d;||divi||400&#8243; sticky_position=&#8220;none&#8220; scroll_fade_enable=&#8220;on&#8220; global_colors_info=&#8220;{}&#8220; parent_header_level=&#8220;h4&#8243;][\/dsm_content_timeline_child][dsm_content_timeline_child dsm_use_icon=&#8220;on&#8220; font_icon=&#8220;&#xf1eb;||fa||900&#8243; dsm_title=&#8220;Online Terminreservierung&#8220; dsm_content=&#8220;<\/p>\n<p>08. bis 14. J\u00e4n. 2026 (Do &#8211; Mi)<\/p>\n<div class=%22page%22 title=%22Page 1%22>\n<div class=%22layoutArea%22>\n<div class=%22column%22>\n<div class=%22page%22 title=%22Page 1%22>\n<div class=%22layoutArea%22>\n<div class=%22column%22>\n<p><strong>Terminreservierung<\/strong> online \u00fcber die Homepage ab 8:00 Uhr:<\/p>\n<p><a href=%22https:\/\/www.ahs-zirkusgasse.at\/%22>www.ahs-zirkusgasse.at<\/a><\/p>\n<\/div>\n<\/div>\n<\/div>\n<\/div>\n<\/div>\n<\/div>\n<p>&#8220; dsm_use_pointer_element=&#8220;on&#8220; dsm_point_font_icon=&#8220;&#x5a;||divi||400&#8243; button_url_new_window=&#8220;on&#8220; _builder_version=&#8220;4.27.4&#8243; _module_preset=&#8220;default&#8220; custom_button=&#8220;on&#8220; button_text_color=&#8220;#0C71C3&#8243; button_border_width=&#8220;2px&#8220; button_border_radius=&#8220;100px&#8220; button_letter_spacing=&#8220;0px&#8220; button_font=&#8220;|600|||||||&#8220; button_icon=&#8220;&#x3b;||divi||400&#8243; scroll_scaling_enable=&#8220;on&#8220; global_colors_info=&#8220;{}&#8220; button_border_width__hover_enabled=&#8220;on|hover&#8220; button_border_width__hover=&#8220;2px&#8220; parent_header_level=&#8220;h4&#8243;][\/dsm_content_timeline_child][\/dsm_content_timeline][dsm_text_divider header=&#8220;Februar bis M\u00e4rz 2026&#8243; color=&#8220;#0C71C3&#8243; _builder_version=&#8220;4.27.4&#8243; _module_preset=&#8220;default&#8220; global_colors_info=&#8220;{}&#8220;][\/dsm_text_divider][dsm_content_timeline dsm_responsive_style=&#8220;left&#8220; dsm_card_arrow=&#8220;on&#8220; dsm_tree_animation=&#8220;on&#8220; dsm_pointer_bg_color=&#8220;#bfc0c1&#8243; dsm_pointer_active_bg_color=&#8220;#0C71C3&#8243; dsm_pointer_icon_color=&#8220;#0C71C3&#8243; dsm_pointer_active_icon_color=&#8220;#FFFFFF&#8220; dsm_tree_bg_color=&#8220;#d3d3d3&#8243; dsm_tree_active_bg_color=&#8220;#0C71C3&#8243; _builder_version=&#8220;4.27.4&#8243; _module_preset=&#8220;default&#8220; box_shadow_style_card_shadow=&#8220;preset3&#8243; locked=&#8220;off&#8220; global_colors_info=&#8220;{}&#8220;][dsm_content_timeline_child dsm_use_icon=&#8220;on&#8220; font_icon=&#8220;&#x6c;||divi||400&#8243; dsm_title=&#8220;Anmeldewoche&#8220; dsm_content=&#8220;<\/p>\n<p>16. bis 20. Feb. 2026 (Mo &#8211; Fr)<\/p>\n<p><strong>Zeiten zur Anmeldung:<\/strong><\/p>\n<p>Mo &#8211; Fr: 8 &#8211; 12 Uhr<\/p>\n<div class=%22page%22 title=%22Page 1%22>\n<div class=%22layoutArea%22>\n<div class=%22column%22>\n<div class=%22page%22 title=%22Page 1%22>\n<div class=%22section%22>\n<div class=%22layoutArea%22>\n<div class=%22column%22>\n<p><span>Di u. Do auch: 14 &#8211; 17 Uhr<\/span><\/p>\n<p><strong>Aufnahmegespr\u00e4ch<\/strong> und Abgabe der vollst\u00e4ndigen Anmeldeunterlagen<\/p>\n<div class=%22page%22 title=%22Page 1%22>\n<div class=%22section%22>\n<div class=%22layoutArea%22>\n<div class=%22column%22>\n<p><span><\/span><\/p>\n<p><span><strong>Abgabe<\/strong> der vollsta\u0308ndigen <strong>ANMELDEUNTERLAGEN<\/strong> am GRG 2 Zirkusgasse (Weintraubengasse 29, 1020 Wien)<\/span><\/p>\n<p><span>\u2022 <\/span><span><span style=%22text-decoration: underline;%22>Schulnachricht<\/span> der 4. Klasse (Original + Kopie) <\/span><\/p>\n<p><span>\u2022 <span style=%22text-decoration: underline;%22>ausgef\u00fclltes <\/span><\/span><span><span style=%22text-decoration: underline;%22>Erhebungsblatt<\/span> aus der Volksschule (Original)<\/span><\/p>\n<p><span>\u2022 <span style=%22text-decoration: underline;%22>C5 (A5)-Kuvert + Briefmarke 1,60 \u20ac<\/span>, beschriftet mit Namen und Adresse der\/des Erziehungsberechtigten<\/span><\/p>\n<p><span>\u2022 <span style=%22text-decoration: underline;%22>Meldezettel<\/span> in Kopie<\/span><\/p>\n<p><span>\u2022 <span style=%22text-decoration: underline;%22>Anmeldeschein<\/span> ausgef\u00fcllt (Ausdruck Homepage oder direkt bei der Anmeldung in der Zirkusgasse erh\u00e4ltlich)<\/span><\/p>\n<\/div>\n<\/div>\n<\/div>\n<\/div>\n<\/div>\n<\/div>\n<\/div>\n<\/div>\n<\/div>\n<\/div>\n<\/div>\n<p>&#8220; dsm_use_pointer_element=&#8220;on&#8220; dsm_point_font_icon=&#8220;&#x5a;||divi||400&#8243; button_url_new_window=&#8220;on&#8220; _builder_version=&#8220;4.27.4&#8243; _module_preset=&#8220;default&#8220; background_enable_color=&#8220;off&#8220; custom_button=&#8220;on&#8220; button_text_color=&#8220;#0C71C3&#8243; button_border_radius=&#8220;100px&#8220; button_icon=&#8220;&#x3d;||divi||400&#8243; sticky_position=&#8220;none&#8220; scroll_fade_enable=&#8220;on&#8220; global_colors_info=&#8220;{}&#8220; parent_header_level=&#8220;h4&#8243;][\/dsm_content_timeline_child][dsm_content_timeline_child dsm_use_icon=&#8220;on&#8220; font_icon=&#8220;&#xf674;||fa||900&#8243; dsm_title=&#8220;Vorl\u00e4ufige Schulplatzzuweisung&#8220; dsm_content=&#8220;<\/p>\n<p>20. M\u00e4r. 2026 (Fr) Poststempel<\/p>\n<div class=%22page%22 title=%22Page 1%22>\n<div class=%22layoutArea%22>\n<div class=%22column%22>\n<p><span><strong>Versendung der Briefe:<\/strong> Vorla\u0308ufige Schulplatzzuweisung (Zu- und Absagen)<\/span><\/p>\n<\/div>\n<\/div>\n<\/div>\n<p>&#8220; dsm_use_pointer_element=&#8220;on&#8220; dsm_point_font_icon=&#8220;&#x5a;||divi||400&#8243; button_url_new_window=&#8220;on&#8220; _builder_version=&#8220;4.27.4&#8243; _module_preset=&#8220;default&#8220; custom_button=&#8220;on&#8220; button_text_color=&#8220;#0C71C3&#8243; button_border_width=&#8220;2px&#8220; button_border_radius=&#8220;100px&#8220; button_letter_spacing=&#8220;0px&#8220; button_font=&#8220;|600|||||||&#8220; button_icon=&#8220;&#x3b;||divi||400&#8243; scroll_scaling_enable=&#8220;on&#8220; global_colors_info=&#8220;{}&#8220; button_border_width__hover_enabled=&#8220;on|hover&#8220; button_border_width__hover=&#8220;2px&#8220; parent_header_level=&#8220;h4&#8243;][\/dsm_content_timeline_child][\/dsm_content_timeline][dsm_text_divider header=&#8220;Juni 2026&#8243; color=&#8220;#0C71C3&#8243; _builder_version=&#8220;4.27.4&#8243; _module_preset=&#8220;default&#8220; global_colors_info=&#8220;{}&#8220;][\/dsm_text_divider][dsm_content_timeline dsm_responsive_style=&#8220;left&#8220; dsm_card_arrow=&#8220;on&#8220; dsm_tree_animation=&#8220;on&#8220; dsm_pointer_bg_color=&#8220;#bfc0c1&#8243; dsm_pointer_active_bg_color=&#8220;#0C71C3&#8243; dsm_pointer_icon_color=&#8220;#0C71C3&#8243; dsm_pointer_active_icon_color=&#8220;#FFFFFF&#8220; dsm_tree_bg_color=&#8220;#d3d3d3&#8243; dsm_tree_active_bg_color=&#8220;#0C71C3&#8243; _builder_version=&#8220;4.27.4&#8243; _module_preset=&#8220;default&#8220; box_shadow_style_card_shadow=&#8220;preset3&#8243; locked=&#8220;off&#8220; global_colors_info=&#8220;{}&#8220;][dsm_content_timeline_child dsm_use_icon=&#8220;on&#8220; font_icon=&#8220;&#xf70e;||fa||900&#8243; dsm_title=&#8220;Vorlage AHS-Reife-Best\u00e4tigung&#8220; dsm_content=&#8220;<\/p>\n<div class=%22page%22 title=%22Page 1%22>\n<div class=%22section%22>\n<div class=%22layoutArea%22>\n<div class=%22column%22>\n<p><span>bis 29. Jun. 2026 (Mo)<\/span><\/p>\n<p><span style=%22text-decoration: underline;%22>Wiener Volkschulen<\/span>: <strong>automatische \u00dcbermittlung der AHS-Reife<\/strong>;<\/p>\n<p>NUR bei <span style=%22text-decoration: underline;%22>Volksschule au\u00dferhalb Wiens<\/span> und einzelnen Privatschulen: <strong>Vorlage der \u201eAHS-Reife-Best\u00e4tigung\u201c<\/strong> am GRG 2 Zirkusgasse (Weintraubengasse 29, 1020 Wien)<\/p>\n<\/div>\n<\/div>\n<\/div>\n<\/div>\n<p>&#8220; dsm_use_pointer_element=&#8220;on&#8220; dsm_point_font_icon=&#8220;&#x5a;||divi||400&#8243; button_url_new_window=&#8220;on&#8220; _builder_version=&#8220;4.27.4&#8243; _module_preset=&#8220;default&#8220; background_enable_color=&#8220;off&#8220; custom_button=&#8220;on&#8220; button_text_color=&#8220;#0C71C3&#8243; button_border_radius=&#8220;100px&#8220; button_icon=&#8220;&#x3d;||divi||400&#8243; sticky_position=&#8220;none&#8220; scroll_fade_enable=&#8220;on&#8220; global_colors_info=&#8220;{}&#8220; parent_header_level=&#8220;h4&#8243;][\/dsm_content_timeline_child][dsm_content_timeline_child dsm_use_icon=&#8220;on&#8220; font_icon=&#8220;&#x77;||divi||400&#8243; dsm_title=&#8220;Allf\u00e4llige Aufnahmepr\u00fcfungen&#8220; dsm_content=&#8220;<\/p>\n<div class=%22page%22 title=%22Page 1%22>\n<div class=%22layoutArea%22>\n<div class=%22column%22>\n<p><span>30. Jun. und 01. Jul. 2026 (Di u. Mi)<\/span><\/p>\n<p><strong>Allf\u00e4llige Aufnahmepr\u00fcfungen<\/strong> am GRG 2 Zirkusgasse (Weintraubengasse 29, 1020 Wien) f\u00fcr Kinder <strong>ohne<\/strong> AHS-Reife<\/p>\n<\/div>\n<\/div>\n<\/div>\n<p>&#8220; dsm_use_pointer_element=&#8220;on&#8220; dsm_point_font_icon=&#8220;&#x5a;||divi||400&#8243; button_url_new_window=&#8220;on&#8220; _builder_version=&#8220;4.27.4&#8243; _module_preset=&#8220;default&#8220; custom_button=&#8220;on&#8220; button_text_color=&#8220;#0C71C3&#8243; button_border_width=&#8220;2px&#8220; button_border_radius=&#8220;100px&#8220; button_letter_spacing=&#8220;0px&#8220; button_font=&#8220;|600|||||||&#8220; button_icon=&#8220;&#x3b;||divi||400&#8243; scroll_scaling_enable=&#8220;on&#8220; global_colors_info=&#8220;{}&#8220; button_border_width__hover_enabled=&#8220;on|hover&#8220; button_border_width__hover=&#8220;2px&#8220; parent_header_level=&#8220;h4&#8243;][\/dsm_content_timeline_child][\/dsm_content_timeline][dsm_text_divider header=&#8220;September 2026&#8243; color=&#8220;#0C71C3&#8243; _builder_version=&#8220;4.27.4&#8243; _module_preset=&#8220;default&#8220; global_colors_info=&#8220;{}&#8220;][\/dsm_text_divider][dsm_content_timeline dsm_responsive_style=&#8220;left&#8220; dsm_card_arrow=&#8220;on&#8220; dsm_tree_animation=&#8220;on&#8220; dsm_pointer_bg_color=&#8220;#bfc0c1&#8243; dsm_pointer_active_bg_color=&#8220;#0C71C3&#8243; dsm_pointer_icon_color=&#8220;#0C71C3&#8243; dsm_pointer_active_icon_color=&#8220;#FFFFFF&#8220; dsm_tree_bg_color=&#8220;#d3d3d3&#8243; dsm_tree_active_bg_color=&#8220;#0C71C3&#8243; _builder_version=&#8220;4.27.4&#8243; _module_preset=&#8220;default&#8220; box_shadow_style_card_shadow=&#8220;preset3&#8243; locked=&#8220;off&#8220; global_colors_info=&#8220;{}&#8220;][dsm_content_timeline_child dsm_use_icon=&#8220;on&#8220; font_icon=&#8220;&#xf549;||fa||900&#8243; dsm_title=&#8220;1. Schultag&#8220; dsm_content=&#8220;<\/p>\n<div class=%22page%22 title=%22Page 1%22>\n<div class=%22section%22>\n<div class=%22layoutArea%22>\n<div class=%22column%22>\n<div class=%22page%22 title=%22Page 1%22>\n<div class=%22layoutArea%22>\n<div class=%22column%22>\n<div class=%22page%22 title=%22Page 1%22>\n<div class=%22layoutArea%22>\n<div class=%22column%22>\n<p>07. Sep. 2026, 9 Uhr (Mo)<\/p>\n<p><strong>Erster Schultag<\/strong> und Klassener\u00f6ffnung im Festsaal GRG 2 Zirkusgasse (Weintraubengasse 29, 1020 Wien)<\/p>\n<\/div>\n<\/div>\n<\/div>\n<\/div>\n<\/div>\n<\/div>\n<\/div>\n<\/div>\n<\/div>\n<\/div>\n<p>&#8220; dsm_use_pointer_element=&#8220;on&#8220; dsm_point_font_icon=&#8220;&#x5a;||divi||400&#8243; button_url_new_window=&#8220;on&#8220; _builder_version=&#8220;4.27.4&#8243; _module_preset=&#8220;default&#8220; background_enable_color=&#8220;off&#8220; custom_button=&#8220;on&#8220; button_text_color=&#8220;#0C71C3&#8243; button_border_radius=&#8220;100px&#8220; button_icon=&#8220;&#x3d;||divi||400&#8243; sticky_position=&#8220;none&#8220; scroll_fade_enable=&#8220;on&#8220; global_colors_info=&#8220;{}&#8220; parent_header_level=&#8220;h4&#8243;][\/dsm_content_timeline_child][dsm_content_timeline_child dsm_use_icon=&#8220;on&#8220; font_icon=&#8220;&#x77;||divi||400&#8243; dsm_title=&#8220;Elternabend 1. Klassen&#8220; dsm_content=&#8220;<\/p>\n<p>08. Sep. 2026, 18 Uhr (Di)<\/p>\n<p>Elternabend der 1. Klassen mit wichtigen Informationen rund um das Schuljahr<\/p>\n<p>&#8220; _builder_version=&#8220;4.27.4&#8243; _module_preset=&#8220;default&#8220; global_colors_info=&#8220;{}&#8220; parent_header_level=&#8220;h4&#8243;][\/dsm_content_timeline_child][\/dsm_content_timeline][\/et_pb_column][\/et_pb_row][et_pb_row _builder_version=&#8220;4.17.4&#8243; _module_preset=&#8220;default&#8220; animation_style=&#8220;fade&#8220; locked=&#8220;off&#8220; global_colors_info=&#8220;{}&#8220;][et_pb_column type=&#8220;4_4&#8243; _builder_version=&#8220;4.17.4&#8243; _module_preset=&#8220;default&#8220; global_colors_info=&#8220;{}&#8220;][dsm_text_divider header=&#8220;Schulplatzanfrage au\u00dferhalb der Anmeldung&#8220; color=&#8220;#0C71C3&#8243; _builder_version=&#8220;4.23.4&#8243; _module_preset=&#8220;default&#8220; global_colors_info=&#8220;{}&#8220;][\/dsm_text_divider][\/et_pb_column][\/et_pb_row][et_pb_row column_structure=&#8220;1_2,1_2&#8243; _builder_version=&#8220;4.17.4&#8243; _module_preset=&#8220;default&#8220; locked=&#8220;off&#8220; global_colors_info=&#8220;{}&#8220;][et_pb_column type=&#8220;1_2&#8243; _builder_version=&#8220;4.17.4&#8243; _module_preset=&#8220;default&#8220; global_colors_info=&#8220;{}&#8220;][et_pb_text _builder_version=&#8220;4.23.4&#8243; _module_preset=&#8220;default&#8220; locked=&#8220;off&#8220; global_colors_info=&#8220;{}&#8220;]<\/p>\n<p>Au\u00dferhalb des regul\u00e4ren Anmeldefensters gibt es f\u00fcr Sie auch die M\u00f6glichkeit, eine Schulplatzanfrage zu stellen.<\/p>\n<p>[\/et_pb_text][\/et_pb_column][et_pb_column type=&#8220;1_2&#8243; _builder_version=&#8220;4.17.4&#8243; _module_preset=&#8220;default&#8220; global_colors_info=&#8220;{}&#8220;][et_pb_blurb title=&#8220;Schulplatzanfrage&#8220; url=&#8220;https:\/\/www.ahs-zirkusgasse.at\/wp-content\/uploads\/2024\/01\/Schulplatzanfrage-Homepage.pdf&#8220; url_new_window=&#8220;on&#8220; use_icon=&#8220;on&#8220; font_icon=&#8220;&#x74;||divi||400&#8243; icon_color=&#8220;#0C71C3&#8243; icon_placement=&#8220;left&#8220; _builder_version=&#8220;4.23.4&#8243; _module_preset=&#8220;default&#8220; custom_padding=&#8220;30px|30px|30px|30px|true|true&#8220; link_option_url=&#8220;https:\/\/www.ahs-zirkusgasse.at\/wp-content\/uploads\/2024\/01\/Schulplatzanfrage-Homepage.pdf&#8220; link_option_url_new_window=&#8220;on&#8220; box_shadow_style=&#8220;preset2&#8243; box_shadow_horizontal=&#8220;0px&#8220; box_shadow_vertical=&#8220;0px&#8220; box_shadow_blur=&#8220;60px&#8220; box_shadow_color=&#8220;rgba(0,0,0,0.2)&#8220; global_colors_info=&#8220;{}&#8220;][\/et_pb_blurb][\/et_pb_column][\/et_pb_row][\/et_pb_section]<\/p>\n","protected":false},"excerpt":{"rendered":"<p>Hier sind Sie gut aufgehoben&#8230; &nbsp;<div class=\"et_pb_module dsm_text_divider dsm_text_divider_0\">\n\t\t\t\t\n\t\t\t\t\n\t\t\t\t\n\t\t\t\t\n\t\t\t\t\n\t\t\t\t\n\t\t\t\t<div class=\"et_pb_module_inner\">\n\t\t\t\t\t<div class=\"dsm-text-divider-wrapper dsm-text-divider-align-center et_pb_bg_layout_light\">\n\t\t\t\t\n\t\t\t\t\n\t\t\t\t<div class=\"dsm-text-divider-before dsm-divider\"><\/div>\n\t\t\t\t<h3 class=\"dsm-text-divider-header et_pb_module_header\"><span>Relevante Formulare und Informationen zur Anmeldung<\/span><\/h3>\n\t\t\t\t<div class=\"dsm-text-divider-after dsm-divider\"><\/div>\n\t\t\t<\/div>\n\t\t\t\t<\/div>\n\t\t\t<\/div>Anbei finden Sie alle wichtigen Formulare und Informationen rund um die Anmeldung und die Aufnahme [&hellip;]<\/p>\n","protected":false},"author":1,"featured_media":0,"parent":0,"menu_order":0,"comment_status":"closed","ping_status":"closed","template":"","meta":{"_et_pb_use_builder":"on","_et_pb_old_content":"","_et_gb_content_width":"","_price":"","_stock":"","_tribe_ticket_header":"","_tribe_default_ticket_provider":"","_ticket_start_date":"","_ticket_end_date":"","_tribe_ticket_show_description":"","_tribe_ticket_show_not_going":false,"_tribe_ticket_use_global_stock":"","_tribe_ticket_global_stock_level":"","_global_stock_mode":"","_global_stock_cap":"","_tribe_rsvp_for_event":"","_tribe_ticket_going_count":"","_tribe_ticket_not_going_count":"","_tribe_tickets_list":"[]","_tribe_ticket_has_attendee_info_fields":false,"footnotes":"","_tec_slr_enabled":"","_tec_slr_layout":""},"class_list":["post-26281","page","type-page","status-publish","hentry"],"ticketed":false,"_links":{"self":[{"href":"https:\/\/www.ahs-zirkusgasse.at\/index.php\/wp-json\/wp\/v2\/pages\/26281","targetHints":{"allow":["GET"]}}],"collection":[{"href":"https:\/\/www.ahs-zirkusgasse.at\/index.php\/wp-json\/wp\/v2\/pages"}],"about":[{"href":"https:\/\/www.ahs-zirkusgasse.at\/index.php\/wp-json\/wp\/v2\/types\/page"}],"author":[{"embeddable":true,"href":"https:\/\/www.ahs-zirkusgasse.at\/index.php\/wp-json\/wp\/v2\/users\/1"}],"replies":[{"embeddable":true,"href":"https:\/\/www.ahs-zirkusgasse.at\/index.php\/wp-json\/wp\/v2\/comments?post=26281"}],"version-history":[{"count":37,"href":"https:\/\/www.ahs-zirkusgasse.at\/index.php\/wp-json\/wp\/v2\/pages\/26281\/revisions"}],"predecessor-version":[{"id":30280,"href":"https:\/\/www.ahs-zirkusgasse.at\/index.php\/wp-json\/wp\/v2\/pages\/26281\/revisions\/30280"}],"wp:attachment":[{"href":"https:\/\/www.ahs-zirkusgasse.at\/index.php\/wp-json\/wp\/v2\/media?parent=26281"}],"curies":[{"name":"wp","href":"https:\/\/api.w.org\/{rel}","templated":true}]}}